{"id":250,"date":"2022-05-28T10:22:01","date_gmt":"2022-05-28T14:22:01","guid":{"rendered":"https:\/\/www.edwinlegris.fr\/?page_id=250"},"modified":"2022-05-28T10:22:02","modified_gmt":"2022-05-28T14:22:02","slug":"un-programme-partage-de-gouvernement","status":"publish","type":"page","link":"https:\/\/www.edwinlegris.fr\/?page_id=250","title":{"rendered":"Un programme partag\u00e9 de gouvernement\u200b"},"content":{"rendered":"\n<p><strong>Le programme partag\u00e9 de gouvernement ici pr\u00e9sent\u00e9 est le fruit d\u2019un travail collectif associant plusieurs organisations politiques, sur la base de programmes eux-m\u00eames \u00e9labor\u00e9s en associant des milliers de citoyennes et citoyens, acteurs associatifs, syndicaux, environnementaux, politiques.<\/strong><\/p>\n\n\n\n<p>Il sera la feuille de route partag\u00e9e du gouvernement de la Nouvelle Union populaire \u00e9cologique et sociale. Notre majorit\u00e9 parlementaire sera compos\u00e9e \u00e0 l\u2019Assembl\u00e9e nationale de plusieurs groupes politiques r\u00e9unis au sein d\u2019un intergroupe. Il servira de lieu de discussion et de coordination permanente entre ses diff\u00e9rentes composantes. Cette majorit\u00e9 soutiendra ensemble l\u2019action du gouvernement, notamment en votant pour les budgets et les projets l\u00e9gislatifs pr\u00e9sent\u00e9s qui \u00e9manent des propositions de ce programme partag\u00e9.<\/p>\n\n\n\n<p>Mais dans notre conception de la R\u00e9publique, le r\u00f4le des d\u00e9put\u00e9s, repr\u00e9sentants du peuple, ne saurait se limiter \u00e0 soutenir l\u2019action d\u2019un gouvernement. Nous ne voulons pas reproduire les m\u00e9canismes de la monarchie pr\u00e9sidentielle et de ses majorit\u00e9s godillotes. Cette logique solitaire et verticale du pouvoir a \u00e9t\u00e9 pouss\u00e9e \u00e0 l\u2019extr\u00eame par Emmanuel Macron. Il nous faut en sortir. Nous d\u00e9fendons une pratique d\u00e9mocratique des institutions o\u00f9 le Parlement est l\u2019endroit par excellence o\u00f9 les d\u00e9cisions sont \u00e9labor\u00e9es, d\u00e9lib\u00e9r\u00e9es et prises. Nous souhaitons ainsi que l\u2019intergroupe puisse \u00eatre le lieu d\u2019\u00e9laboration de propositions de lois au-del\u00e0 m\u00eame de celles pr\u00e9vues par ce programme partag\u00e9, ainsi qu\u2019un lieu de d\u00e9bat, d\u2019\u00e9change et de d\u00e9cision.&nbsp;<\/p>\n\n\n\n<p>Nous ferons une grande place dans les travaux l\u00e9gislatifs de l\u2019Assembl\u00e9e, \u00e0 l\u2019initiative parlementaire. La majorit\u00e9 parlementaire de la Nouvelle Union populaire \u00e9cologique et sociale conservera tout au long du mandat des liens tr\u00e8s forts avec la soci\u00e9t\u00e9 active et notamment le monde syndical, associatif, les organisations non gouvernementales (ONG), les collectifs en lutte, les intellectuels, etc. Son intergroupe se r\u00e9unira r\u00e9guli\u00e8rement avec le Parlement de la Nouvelle Union populaire \u00e9cologique et sociale pour nourrir le d\u00e9bat parlementaire des aspirations et des r\u00e9flexions de ces forces vives.<\/p>\n\n\n\n<p><strong>Cette m\u00e9thode g\u00e9n\u00e9rale, nous nous l\u2019appliquons \u00e0 nous-m\u00eames.<\/strong>&nbsp;Ce cadre permettra de combiner la diversit\u00e9 des expressions et la coh\u00e9rence des d\u00e9cisions.<strong>&nbsp;Nous avons refus\u00e9 les facilit\u00e9s des synth\u00e8ses sans contenu pour masquer les d\u00e9saccords lorsque nous ne sommes pas parvenus \u00e0 les surmonter dans le bref d\u00e9lai dont nous disposions<\/strong>. En effet, sur quelques points du programme partag\u00e9 de gouvernement \u2013 33 sur 650 \u2013, des organisations politiques qui soutiennent ce programme porteront dans le d\u00e9bat parlementaire des propositions pour les pr\u00e9ciser ou les nuancer.&nbsp;<strong>Leur libert\u00e9 de vote sera respect\u00e9e. Nous n\u2019avons rien voulu cacher sur ce sujet et c\u2019est pourquoi, si limit\u00e9s qu\u2019ils soient, ces points sont consign\u00e9s&nbsp;<\/strong>\u00e0 la fin de chaque chapitre du programme partag\u00e9 de gouvernement. Ils seront donc soumis au d\u00e9bat de l\u2019intergroupe et \u00e0 la sagesse de l\u2019Assembl\u00e9e.<\/p>\n","protected":false},"excerpt":{"rendered":"<p>Le programme partag\u00e9 de gouvernement ici pr\u00e9sent\u00e9 est le fruit d\u2019un travail collectif associant plusieurs organisations politiques, sur la base de programmes eux-m\u00eames \u00e9labor\u00e9s en associant des milliers de citoyennes &#8230;<\/p>\n","protected":false},"author":3,"featured_media":0,"parent":82,"menu_order":0,"comment_status":"closed","ping_status":"closed","template":"","meta":{"footnotes":""},"class_list":["post-250","page","type-page","status-publish","hentry"],"_links":{"self":[{"href":"https:\/\/www.edwinlegris.fr\/index.php?rest_route=\/wp\/v2\/pages\/250","targetHints":{"allow":["GET"]}}],"collection":[{"href":"https:\/\/www.edwinlegris.fr\/index.php?rest_route=\/wp\/v2\/pages"}],"about":[{"href":"https:\/\/www.edwinlegris.fr\/index.php?rest_route=\/wp\/v2\/types\/page"}],"author":[{"embeddable":true,"href":"https:\/\/www.edwinlegris.fr\/index.php?rest_route=\/wp\/v2\/users\/3"}],"replies":[{"embeddable":true,"href":"https:\/\/www.edwinlegris.fr\/index.php?rest_route=%2Fwp%2Fv2%2Fcomments&post=250"}],"version-history":[{"count":1,"href":"https:\/\/www.edwinlegris.fr\/index.php?rest_route=\/wp\/v2\/pages\/250\/revisions"}],"predecessor-version":[{"id":251,"href":"https:\/\/www.edwinlegris.fr\/index.php?rest_route=\/wp\/v2\/pages\/250\/revisions\/251"}],"up":[{"embeddable":true,"href":"https:\/\/www.edwinlegris.fr\/index.php?rest_route=\/wp\/v2\/pages\/82"}],"wp:attachment":[{"href":"https:\/\/www.edwinlegris.fr\/index.php?rest_route=%2Fwp%2Fv2%2Fmedia&parent=250"}],"curies":[{"name":"wp","href":"https:\/\/api.w.org\/{rel}","templated":true}]}}